{"id":1362,"date":"2024-09-30T08:14:30","date_gmt":"2024-09-30T08:14:30","guid":{"rendered":"https:\/\/berkolgayrimenkul.com.tr\/?page_id=1362"},"modified":"2024-10-01T13:20:17","modified_gmt":"2024-10-01T13:20:17","slug":"is-sagligi-ve-guvenligi","status":"publish","type":"page","link":"https:\/\/berkolgayrimenkul.com.tr\/?page_id=1362","title":{"rendered":"\u0130\u015f Sa\u011fl\u0131\u011f\u0131 ve G\u00fcvenli\u011fi"},"content":{"rendered":"\t\t<div data-elementor-type=\"wp-page\" data-elementor-id=\"1362\" class=\"elementor elementor-1362\" data-elementor-post-type=\"page\">\n\t\t\t\t<div class=\"elementor-element elementor-element-ad6ad6f e-flex e-con-boxed e-con e-parent\" data-id=\"ad6ad6f\" data-element_type=\"container\">\n\t\t\t\t\t<div class=\"e-con-inner\">\n\t\t\t\t<div class=\"elementor-element elementor-element-9451f98 elementor-widget elementor-widget-text-editor\" data-id=\"9451f98\" data-element_type=\"widget\" data-widget_type=\"text-editor.default\">\n\t\t\t\t<div class=\"elementor-widget-container\">\n\t\t\t\t\t\t\t<div id=\"ust\"><div class=\"sabit\"><div id=\"menu\" class=\"menu\"><div id=\"supermenu\"><table width=\"100%\"><tbody><tr><td width=\"\"><\/td><\/tr><\/tbody><\/table><\/div><div class=\"clear\"><\/div><\/div><\/div><div><\/div><\/div><div><\/div><div id=\"ustmenublogu\"><\/div><div id=\"ortasolsag\"><h1 class=\"baslik1solsag\">\u0130\u015f Sa\u011fl\u0131\u011f\u0131 ve G\u00fcvenli\u011fi<\/h1><div class=\"orta-kutu-sol-sag orta-kutu-sol-sag-icerik\"><p><span>\u015eirketimizde\u00a0\u00e7al\u0131\u015fan t\u00fcm personel, 4857 say\u0131l\u0131 \u0130\u015f Kanunu ve\u00a05510 say\u0131l\u0131 Sosyal Sigortalar ve Genel Sa\u011fl\u0131k Sigortas\u0131 Kanunu kapsam\u0131nda istihdam edilmektedir.<strong>\u00a0<\/strong>\u0130\u015fin yap\u0131lmas\u0131 s\u0131ras\u0131nda i\u015fyerindeki fiziki \u00e7evre \u015fartlar\u0131n\u0131, \u00e7al\u0131\u015fanlar\u0131n maruz kalacaklar\u0131 sa\u011fl\u0131k sorunlar\u0131n\u0131 ve mesleki risklerini ortadan kald\u0131racak ve azaltacak \u015fekilde d\u00fczenleme yap\u0131lm\u0131\u015f olup, bu kapsamda;<\/span><\/p><p><\/p><p><span>\u0130\u015f sa\u011fl\u0131\u011f\u0131 ve g\u00fcvenli\u011fini bir plan ve program i\u00e7inde y\u00fcr\u00fctmektedir,<\/span><\/p><p><\/p><p><span>\u00c7al\u0131\u015fmalar\u0131 teknik ve bilimsel y\u00f6ntemlerle yapmaktad\u0131r,<\/span><\/p><p><\/p><p><span>\u00c7al\u0131\u015fanlar\u0131n; ruhsal ve bedensel sa\u011fl\u0131klar\u0131 takip edilmektedir,<\/span><\/p><p><\/p><p><span>\u00c7al\u0131\u015fma ko\u015fullar\u0131 ve \u00fcretim ara\u00e7lar\u0131 sa\u011fl\u0131\u011fa uygun hale getirilmi\u015ftir,<\/span><\/p><p><\/p><p><span>\u00c7al\u0131\u015fanlar, zararl\u0131 etkilerden korunmaktad\u0131r,<\/span><\/p><p><\/p><p><span>\u0130\u015fin ve \u00e7al\u0131\u015fan\u0131n birbirine uyumu sa\u011flanmaktad\u0131r,<\/span><\/p><p><\/p><p><span>\u0130\u015fin sosyal boyutu, \u00e7al\u0131\u015fan\u0131n bedensel ve ruhsal boyutuyla birlikte ele al\u0131nmaktad\u0131r,<\/span><\/p><p><\/p><p><span>\u0130\u015f, \u00fcretim ara\u00e7lar\u0131 ve \u00e7al\u0131\u015fanlar aras\u0131ndaki uyum g\u00f6zetilmektedir,<\/span><\/p><p><\/p><p><span>Hem \u00e7al\u0131\u015fanlar\u0131n hem de i\u015fletme ve \u00fcretimin g\u00fcvenli\u011fi sa\u011flanmaktad\u0131r,<\/span><\/p><p><\/p><p><span>\u0130\u015f kazas\u0131 ve mesleki hastal\u0131klar gibi her t\u00fcrl\u00fc riske kar\u015f\u0131 gerekli \u00f6nlemler al\u0131nmaktad\u0131r.<\/span><\/p><\/div><\/div>\t\t\t\t\t\t<\/div>\n\t\t\t\t<\/div>\n\t\t\t\t\t<\/div>\n\t\t\t\t<\/div>\n\t\t\t\t<\/div>\n\t\t","protected":false},"excerpt":{"rendered":"<p>\u0130\u015f Sa\u011fl\u0131\u011f\u0131 ve G\u00fcvenli\u011fi \u015eirketimizde\u00a0\u00e7al\u0131\u015fan t\u00fcm personel, 4857 say\u0131l\u0131 \u0130\u015f [&hellip;]<\/p>\n","protected":false},"author":1,"featured_media":0,"parent":0,"menu_order":0,"comment_status":"closed","ping_status":"closed","template":"","meta":{"footnotes":""},"class_list":["post-1362","page","type-page","status-publish","hentry"],"_links":{"self":[{"href":"https:\/\/berkolgayrimenkul.com.tr\/index.php?rest_route=\/wp\/v2\/pages\/1362","targetHints":{"allow":["GET"]}}],"collection":[{"href":"https:\/\/berkolgayrimenkul.com.tr\/index.php?rest_route=\/wp\/v2\/pages"}],"about":[{"href":"https:\/\/berkolgayrimenkul.com.tr\/index.php?rest_route=\/wp\/v2\/types\/page"}],"author":[{"embeddable":true,"href":"https:\/\/berkolgayrimenkul.com.tr\/index.php?rest_route=\/wp\/v2\/users\/1"}],"replies":[{"embeddable":true,"href":"https:\/\/berkolgayrimenkul.com.tr\/index.php?rest_route=%2Fwp%2Fv2%2Fcomments&post=1362"}],"version-history":[{"count":4,"href":"https:\/\/berkolgayrimenkul.com.tr\/index.php?rest_route=\/wp\/v2\/pages\/1362\/revisions"}],"predecessor-version":[{"id":1534,"href":"https:\/\/berkolgayrimenkul.com.tr\/index.php?rest_route=\/wp\/v2\/pages\/1362\/revisions\/1534"}],"wp:attachment":[{"href":"https:\/\/berkolgayrimenkul.com.tr\/index.php?rest_route=%2Fwp%2Fv2%2Fmedia&parent=1362"}],"curies":[{"name":"wp","href":"https:\/\/api.w.org\/{rel}","templated":true}]}}